{"id":2394,"date":"2024-12-20T10:38:45","date_gmt":"2024-12-20T09:38:45","guid":{"rendered":"https:\/\/cargese-locations.fr\/Blog\/?page_id=2394"},"modified":"2025-02-14T23:27:25","modified_gmt":"2025-02-14T22:27:25","slug":"plage-menasina","status":"publish","type":"page","link":"https:\/\/cargese-locations.fr\/Blog\/plage-menasina\/","title":{"rendered":"Plage de Menasina."},"content":{"rendered":"\n<figure class=\"wp-block-table aligncenter\"><table><tbody><tr><td class=\"has-text-align-center\" data-align=\"center\"><a href=\"https:\/\/cargese-locations.fr\/Blog\/plage-chiuni\/\"><strong>Plage de Chiuni<\/strong><\/a><\/td><td><strong><a href=\"https:\/\/cargese-locations.fr\/Blog\/plage-peru\/\">Plage du Peru<\/a><\/strong><\/td><td><strong><a href=\"https:\/\/cargese-locations.fr\/Blog\/plage-menasina\/\">Plage de Menasina<\/a><\/strong><\/td><td><strong><a href=\"https:\/\/cargese-locations.fr\/Blog\/plage-capizzolu\/\">Plage de capizzolu<\/a><\/strong><\/td><td><strong><a href=\"https:\/\/cargese-locations.fr\/Blog\/plage-stagnoli\/\">Plage de Stagnoli<\/a><\/strong><\/td><\/tr><\/tbody><\/table><\/figure>\n\n\n\n<p class=\"has-small-font-size\"><strong>Au sud de Carg\u00e8se, on trouve la&nbsp;plage de Menasina&nbsp;qui est une petite crique de sable peu connue au nord de la pointe de Molendinu qui s\u2019\u00e9tend sur environ 200 m\u00e8tres. Surtout fr\u00e9quent\u00e9e par les locataires des r\u00e9sidences de vacances situ\u00e9es au-dessus, cette crique offre une belle vue jusqu\u2019\u00e0 la marine de Carg\u00e8se. Par contre, pour y acc\u00e9der il faut marcher pendant 10 minutes (la plage est \u00e0 400 m\u00e8tres du parking \u2013 en descente). Par mer agit\u00e9e, la baignade peut \u00eatre dangereuse&nbsp; (par contre on a pied assez loin par rapport aux autres plages de Carg\u00e8se).<\/strong><\/p>\n\n\n\n<figure class=\"wp-block-image size-large\"><img loading=\"lazy\" decoding=\"async\" width=\"1024\" height=\"576\" src=\"https:\/\/cargese-locations.fr\/Blog\/wp-content\/uploads\/2025\/01\/Menasina3-1024x576.webp\" alt=\"\" class=\"wp-image-2936\" srcset=\"https:\/\/cargese-locations.fr\/Blog\/wp-content\/uploads\/2025\/01\/Menasina3-1024x576.webp 1024w, https:\/\/cargese-locations.fr\/Blog\/wp-content\/uploads\/2025\/01\/Menasina3-300x169.webp 300w, https:\/\/cargese-locations.fr\/Blog\/wp-content\/uploads\/2025\/01\/Menasina3-768x432.webp 768w, https:\/\/cargese-locations.fr\/Blog\/wp-content\/uploads\/2025\/01\/Menasina3.webp 1128w\" sizes=\"auto, (max-width: 1024px) 100vw, 1024px\" \/><\/figure>\n\n\n\n<p class=\"has-small-font-size\"><strong>Pour vous rendre sur cette plage depuis le centre-ville de Carg\u00e8se, prendre la direction de Sagone par la D81 sur environ 3 km. 100 m\u00e8tres apr\u00e8s la r\u00e9sidence Itylon, on trouve sur la droite un parking avec un chemin qui descend \u00e0 la mer.<\/strong><\/p>\n\n\n\n<p class=\"has-vivid-red-color has-text-color\"><strong>Carte Google Maps \u00e0 agrandir pour zoom, localisation et itin\u00e9raire<\/strong>&#8230;<\/p>\n\n\n\n<iframe src=\"https:\/\/www.google.com\/maps\/embed?pb=!1m14!1m12!1m3!1d3139.187961454716!2d8.617640856676998!3d42.13365290988786!2m3!1f0!2f0!3f0!3m2!1i1024!2i768!4f13.1!5e1!3m2!1sfr!2sfr!4v1697835936158!5m2!1sfr!2sfr\" width=\"1000\" height=\"450\" style=\"border:0;\" allowfullscreen=\"\" loading=\"lazy\" referrerpolicy=\"no-referrer-when-downgrade\"><\/iframe>\n","protected":false},"excerpt":{"rendered":"<p>Plage de Chiuni Plage du Peru Plage de Menasina Plage de capizzolu Plage de Stagnoli Au sud de Carg\u00e8se, on trouve la&nbsp;plage de Menasina&nbsp;qui est une petite crique de sable peu connue au nord de la pointe de Molendinu qui s\u2019\u00e9tend sur environ 200 m\u00e8tres. Surtout fr\u00e9quent\u00e9e par les locataires des r\u00e9sidences de vacances situ\u00e9es&#8230;<\/p>\n","protected":false},"author":1,"featured_media":0,"parent":0,"menu_order":0,"comment_status":"closed","ping_status":"closed","template":"","meta":{"_kad_post_transparent":"","_kad_post_title":"","_kad_post_layout":"","_kad_post_sidebar_id":"","_kad_post_content_style":"","_kad_post_vertical_padding":"","_kad_post_feature":"","_kad_post_feature_position":"","_kad_post_header":false,"_kad_post_footer":false,"_kad_post_classname":"","footnotes":""},"class_list":["post-2394","page","type-page","status-publish","hentry"],"yoast_head":"<!-- This site is optimized with the Yoast SEO plugin v27.5 - https:\/\/yoast.com\/product\/yoast-seo-wordpress\/ -->\n<title>Plage de Menasina.<\/title>\n<meta name=\"description\" content=\"Au sud de Carg\u00e8se, se trouve la\u00a0plage de Menasina, une petite crique de sable peu connue qui s\u2019\u00e9tend sur environ 200 m\u00e8tres.\" \/>\n<meta name=\"robots\" content=\"index, follow, max-snippet:-1, max-image-preview:large, max-video-preview:-1\" \/>\n<link rel=\"canonical\" href=\"https:\/\/cargese-locations.fr\/Blog\/plage-menasina\/\" \/>\n<meta property=\"og:locale\" content=\"fr_FR\" \/>\n<meta property=\"og:type\" content=\"article\" \/>\n<meta property=\"og:title\" content=\"Plage de Menasina.\" \/>\n<meta property=\"og:description\" content=\"Au sud de Carg\u00e8se, se trouve la\u00a0plage de Menasina, une petite crique de sable peu connue qui s\u2019\u00e9tend sur environ 200 m\u00e8tres.\" \/>\n<meta property=\"og:url\" content=\"https:\/\/cargese-locations.fr\/Blog\/plage-menasina\/\" \/>\n<meta property=\"og:site_name\" content=\"Tout ce qui est \u00e0 voir, \u00e0 savoir , \u00e0 faire et \u00e0 visiter, \u00e0 Carg\u00e8se.\" \/>\n<meta property=\"article:publisher\" content=\"https:\/\/www.facebook.com\/CargeseLocations\/\" \/>\n<meta property=\"article:modified_time\" content=\"2025-02-14T22:27:25+00:00\" \/>\n<meta property=\"og:image\" content=\"https:\/\/cargese-locations.fr\/Blog\/wp-content\/uploads\/2025\/01\/Menasina3.webp\" \/>\n\t<meta property=\"og:image:width\" content=\"1128\" \/>\n\t<meta property=\"og:image:height\" content=\"635\" \/>\n\t<meta property=\"og:image:type\" content=\"image\/webp\" \/>\n<meta name=\"twitter:card\" content=\"summary_large_image\" \/>\n<meta name=\"twitter:label1\" content=\"Dur\u00e9e de lecture estim\u00e9e\" \/>\n\t<meta name=\"twitter:data1\" content=\"2 minutes\" \/>\n<script type=\"application\/ld+json\" class=\"yoast-schema-graph\">{\"@context\":\"https:\\\/\\\/schema.org\",\"@graph\":[{\"@type\":\"WebPage\",\"@id\":\"https:\\\/\\\/cargese-locations.fr\\\/Blog\\\/plage-menasina\\\/\",\"url\":\"https:\\\/\\\/cargese-locations.fr\\\/Blog\\\/plage-menasina\\\/\",\"name\":\"Plage de Menasina.\",\"isPartOf\":{\"@id\":\"https:\\\/\\\/cargese-locations.fr\\\/Blog\\\/#website\"},\"primaryImageOfPage\":{\"@id\":\"https:\\\/\\\/cargese-locations.fr\\\/Blog\\\/plage-menasina\\\/#primaryimage\"},\"image\":{\"@id\":\"https:\\\/\\\/cargese-locations.fr\\\/Blog\\\/plage-menasina\\\/#primaryimage\"},\"thumbnailUrl\":\"https:\\\/\\\/cargese-locations.fr\\\/Blog\\\/wp-content\\\/uploads\\\/2025\\\/01\\\/Menasina3-1024x576.webp\",\"datePublished\":\"2024-12-20T09:38:45+00:00\",\"dateModified\":\"2025-02-14T22:27:25+00:00\",\"description\":\"Au sud de Carg\u00e8se, se trouve la\u00a0plage de Menasina, une petite crique de sable peu connue qui s\u2019\u00e9tend sur environ 200 m\u00e8tres.\",\"breadcrumb\":{\"@id\":\"https:\\\/\\\/cargese-locations.fr\\\/Blog\\\/plage-menasina\\\/#breadcrumb\"},\"inLanguage\":\"fr-FR\",\"potentialAction\":[{\"@type\":\"ReadAction\",\"target\":[\"https:\\\/\\\/cargese-locations.fr\\\/Blog\\\/plage-menasina\\\/\"]}]},{\"@type\":\"ImageObject\",\"inLanguage\":\"fr-FR\",\"@id\":\"https:\\\/\\\/cargese-locations.fr\\\/Blog\\\/plage-menasina\\\/#primaryimage\",\"url\":\"https:\\\/\\\/cargese-locations.fr\\\/Blog\\\/wp-content\\\/uploads\\\/2025\\\/01\\\/Menasina3.webp\",\"contentUrl\":\"https:\\\/\\\/cargese-locations.fr\\\/Blog\\\/wp-content\\\/uploads\\\/2025\\\/01\\\/Menasina3.webp\",\"width\":1128,\"height\":635},{\"@type\":\"BreadcrumbList\",\"@id\":\"https:\\\/\\\/cargese-locations.fr\\\/Blog\\\/plage-menasina\\\/#breadcrumb\",\"itemListElement\":[{\"@type\":\"ListItem\",\"position\":1,\"name\":\"Accueil\",\"item\":\"https:\\\/\\\/cargese-locations.fr\\\/Blog\\\/\"},{\"@type\":\"ListItem\",\"position\":2,\"name\":\"Plage de Menasina.\"}]},{\"@type\":\"WebSite\",\"@id\":\"https:\\\/\\\/cargese-locations.fr\\\/Blog\\\/#website\",\"url\":\"https:\\\/\\\/cargese-locations.fr\\\/Blog\\\/\",\"name\":\"Tout ce qui est \u00e0 voir, \u00e0 savoir , \u00e0 faire et \u00e0 visiter, \u00e0 Carg\u00e8se.\",\"description\":\"Tout ce qu&#039;il y a, a voir, a savoir , a faire et a visiter, a Cargese et dans ses environs..\",\"publisher\":{\"@id\":\"https:\\\/\\\/cargese-locations.fr\\\/Blog\\\/#organization\"},\"potentialAction\":[{\"@type\":\"SearchAction\",\"target\":{\"@type\":\"EntryPoint\",\"urlTemplate\":\"https:\\\/\\\/cargese-locations.fr\\\/Blog\\\/?s={search_term_string}\"},\"query-input\":{\"@type\":\"PropertyValueSpecification\",\"valueRequired\":true,\"valueName\":\"search_term_string\"}}],\"inLanguage\":\"fr-FR\"},{\"@type\":\"Organization\",\"@id\":\"https:\\\/\\\/cargese-locations.fr\\\/Blog\\\/#organization\",\"name\":\"Tout ce qui est \u00e0 voir, \u00e0 savoir , \u00e0 faire et \u00e0 visiter, \u00e0 Carg\u00e8se.\",\"url\":\"https:\\\/\\\/cargese-locations.fr\\\/Blog\\\/\",\"logo\":{\"@type\":\"ImageObject\",\"inLanguage\":\"fr-FR\",\"@id\":\"https:\\\/\\\/cargese-locations.fr\\\/Blog\\\/#\\\/schema\\\/logo\\\/image\\\/\",\"url\":\"https:\\\/\\\/cargese-locations.fr\\\/Blog\\\/wp-content\\\/uploads\\\/2025\\\/02\\\/cropped-cropped-cropped-CargeseLoc-1.webp\",\"contentUrl\":\"https:\\\/\\\/cargese-locations.fr\\\/Blog\\\/wp-content\\\/uploads\\\/2025\\\/02\\\/cropped-cropped-cropped-CargeseLoc-1.webp\",\"width\":1100,\"height\":75,\"caption\":\"Tout ce qui est \u00e0 voir, \u00e0 savoir , \u00e0 faire et \u00e0 visiter, \u00e0 Carg\u00e8se.\"},\"image\":{\"@id\":\"https:\\\/\\\/cargese-locations.fr\\\/Blog\\\/#\\\/schema\\\/logo\\\/image\\\/\"},\"sameAs\":[\"https:\\\/\\\/www.facebook.com\\\/CargeseLocations\\\/\",\"https:\\\/\\\/www.instagram.com\\\/cargese_locations\\\/\",\"https:\\\/\\\/www.pinterest.fr\\\/cargeselocation\\\/\",\"https:\\\/\\\/www.youtube.com\\\/channel\\\/UCMycAdrV_YwTxfnOyaTw2CA\\\/\"]}]}<\/script>\n<!-- \/ Yoast SEO plugin. -->","yoast_head_json":{"title":"Plage de Menasina.","description":"Au sud de Carg\u00e8se, se trouve la\u00a0plage de Menasina, une petite crique de sable peu connue qui s\u2019\u00e9tend sur environ 200 m\u00e8tres.","robots":{"index":"index","follow":"follow","max-snippet":"max-snippet:-1","max-image-preview":"max-image-preview:large","max-video-preview":"max-video-preview:-1"},"canonical":"https:\/\/cargese-locations.fr\/Blog\/plage-menasina\/","og_locale":"fr_FR","og_type":"article","og_title":"Plage de Menasina.","og_description":"Au sud de Carg\u00e8se, se trouve la\u00a0plage de Menasina, une petite crique de sable peu connue qui s\u2019\u00e9tend sur environ 200 m\u00e8tres.","og_url":"https:\/\/cargese-locations.fr\/Blog\/plage-menasina\/","og_site_name":"Tout ce qui est \u00e0 voir, \u00e0 savoir , \u00e0 faire et \u00e0 visiter, \u00e0 Carg\u00e8se.","article_publisher":"https:\/\/www.facebook.com\/CargeseLocations\/","article_modified_time":"2025-02-14T22:27:25+00:00","og_image":[{"width":1128,"height":635,"url":"https:\/\/cargese-locations.fr\/Blog\/wp-content\/uploads\/2025\/01\/Menasina3.webp","type":"image\/webp"}],"twitter_card":"summary_large_image","twitter_misc":{"Dur\u00e9e de lecture estim\u00e9e":"2 minutes"},"schema":{"@context":"https:\/\/schema.org","@graph":[{"@type":"WebPage","@id":"https:\/\/cargese-locations.fr\/Blog\/plage-menasina\/","url":"https:\/\/cargese-locations.fr\/Blog\/plage-menasina\/","name":"Plage de Menasina.","isPartOf":{"@id":"https:\/\/cargese-locations.fr\/Blog\/#website"},"primaryImageOfPage":{"@id":"https:\/\/cargese-locations.fr\/Blog\/plage-menasina\/#primaryimage"},"image":{"@id":"https:\/\/cargese-locations.fr\/Blog\/plage-menasina\/#primaryimage"},"thumbnailUrl":"https:\/\/cargese-locations.fr\/Blog\/wp-content\/uploads\/2025\/01\/Menasina3-1024x576.webp","datePublished":"2024-12-20T09:38:45+00:00","dateModified":"2025-02-14T22:27:25+00:00","description":"Au sud de Carg\u00e8se, se trouve la\u00a0plage de Menasina, une petite crique de sable peu connue qui s\u2019\u00e9tend sur environ 200 m\u00e8tres.","breadcrumb":{"@id":"https:\/\/cargese-locations.fr\/Blog\/plage-menasina\/#breadcrumb"},"inLanguage":"fr-FR","potentialAction":[{"@type":"ReadAction","target":["https:\/\/cargese-locations.fr\/Blog\/plage-menasina\/"]}]},{"@type":"ImageObject","inLanguage":"fr-FR","@id":"https:\/\/cargese-locations.fr\/Blog\/plage-menasina\/#primaryimage","url":"https:\/\/cargese-locations.fr\/Blog\/wp-content\/uploads\/2025\/01\/Menasina3.webp","contentUrl":"https:\/\/cargese-locations.fr\/Blog\/wp-content\/uploads\/2025\/01\/Menasina3.webp","width":1128,"height":635},{"@type":"BreadcrumbList","@id":"https:\/\/cargese-locations.fr\/Blog\/plage-menasina\/#breadcrumb","itemListElement":[{"@type":"ListItem","position":1,"name":"Accueil","item":"https:\/\/cargese-locations.fr\/Blog\/"},{"@type":"ListItem","position":2,"name":"Plage de Menasina."}]},{"@type":"WebSite","@id":"https:\/\/cargese-locations.fr\/Blog\/#website","url":"https:\/\/cargese-locations.fr\/Blog\/","name":"Tout ce qui est \u00e0 voir, \u00e0 savoir , \u00e0 faire et \u00e0 visiter, \u00e0 Carg\u00e8se.","description":"Tout ce qu&#039;il y a, a voir, a savoir , a faire et a visiter, a Cargese et dans ses environs..","publisher":{"@id":"https:\/\/cargese-locations.fr\/Blog\/#organization"},"potentialAction":[{"@type":"SearchAction","target":{"@type":"EntryPoint","urlTemplate":"https:\/\/cargese-locations.fr\/Blog\/?s={search_term_string}"},"query-input":{"@type":"PropertyValueSpecification","valueRequired":true,"valueName":"search_term_string"}}],"inLanguage":"fr-FR"},{"@type":"Organization","@id":"https:\/\/cargese-locations.fr\/Blog\/#organization","name":"Tout ce qui est \u00e0 voir, \u00e0 savoir , \u00e0 faire et \u00e0 visiter, \u00e0 Carg\u00e8se.","url":"https:\/\/cargese-locations.fr\/Blog\/","logo":{"@type":"ImageObject","inLanguage":"fr-FR","@id":"https:\/\/cargese-locations.fr\/Blog\/#\/schema\/logo\/image\/","url":"https:\/\/cargese-locations.fr\/Blog\/wp-content\/uploads\/2025\/02\/cropped-cropped-cropped-CargeseLoc-1.webp","contentUrl":"https:\/\/cargese-locations.fr\/Blog\/wp-content\/uploads\/2025\/02\/cropped-cropped-cropped-CargeseLoc-1.webp","width":1100,"height":75,"caption":"Tout ce qui est \u00e0 voir, \u00e0 savoir , \u00e0 faire et \u00e0 visiter, \u00e0 Carg\u00e8se."},"image":{"@id":"https:\/\/cargese-locations.fr\/Blog\/#\/schema\/logo\/image\/"},"sameAs":["https:\/\/www.facebook.com\/CargeseLocations\/","https:\/\/www.instagram.com\/cargese_locations\/","https:\/\/www.pinterest.fr\/cargeselocation\/","https:\/\/www.youtube.com\/channel\/UCMycAdrV_YwTxfnOyaTw2CA\/"]}]}},"_links":{"self":[{"href":"https:\/\/cargese-locations.fr\/Blog\/wp-json\/wp\/v2\/pages\/2394","targetHints":{"allow":["GET"]}}],"collection":[{"href":"https:\/\/cargese-locations.fr\/Blog\/wp-json\/wp\/v2\/pages"}],"about":[{"href":"https:\/\/cargese-locations.fr\/Blog\/wp-json\/wp\/v2\/types\/page"}],"author":[{"embeddable":true,"href":"https:\/\/cargese-locations.fr\/Blog\/wp-json\/wp\/v2\/users\/1"}],"replies":[{"embeddable":true,"href":"https:\/\/cargese-locations.fr\/Blog\/wp-json\/wp\/v2\/comments?post=2394"}],"version-history":[{"count":12,"href":"https:\/\/cargese-locations.fr\/Blog\/wp-json\/wp\/v2\/pages\/2394\/revisions"}],"predecessor-version":[{"id":3073,"href":"https:\/\/cargese-locations.fr\/Blog\/wp-json\/wp\/v2\/pages\/2394\/revisions\/3073"}],"wp:attachment":[{"href":"https:\/\/cargese-locations.fr\/Blog\/wp-json\/wp\/v2\/media?parent=2394"}],"curies":[{"name":"wp","href":"https:\/\/api.w.org\/{rel}","templated":true}]}}